{"id":8342,"date":"2021-10-21T04:14:47","date_gmt":"2021-10-21T02:14:47","guid":{"rendered":"https:\/\/greenway-turf.com\/datenschutzrichtlinien\/"},"modified":"2023-07-25T14:49:03","modified_gmt":"2023-07-25T12:49:03","slug":"datenschutzrichtlinien","status":"publish","type":"page","link":"https:\/\/greenway-turf.com\/de\/datenschutzrichtlinien\/","title":{"rendered":"Datenschutzrichtlinien"},"content":{"rendered":"\t\t<div data-elementor-type=\"wp-page\" data-elementor-id=\"8342\" class=\"elementor elementor-8342 elementor-1393\">\n\t\t\t\t\t\t\t\t\t<section class=\"elementor-section elementor-top-section elementor-element elementor-element-3e82461 elementor-section-boxed elementor-section-height-default elementor-section-height-default\" data-id=\"3e82461\" data-element_type=\"section\">\n\t\t\t\t\t\t<div class=\"elementor-container elementor-column-gap-default\">\n\t\t\t\t\t<div class=\"elementor-column elementor-col-100 elementor-top-column elementor-element elementor-element-9bb0744\" data-id=\"9bb0744\" data-element_type=\"column\">\n\t\t\t<div class=\"elementor-widget-wrap elementor-element-populated\">\n\t\t\t\t\t\t\t\t<div class=\"elementor-element elementor-element-c0897d9 tt-text-align-left tt-view-stacked tt-shape-rounded tt-heading-fill-color elementor-widget elementor-widget-tt-heading\" data-id=\"c0897d9\" data-element_type=\"widget\" data-widget_type=\"tt-heading.default\">\n\t\t\t\t<div class=\"elementor-widget-container\">\n\t\t\t\r\n\t\t<div class=\"section-heading style-one\">\r\n\r\n\t\t\t\t\t\t<!-- \/.icon-container -->\r\n\r\n\t\t\t\r\n\t\t\t<h2 class=\"section-title\">Datenschutz<\/h2>\r\n\t\t\t\t\t\t\t<div class=\"description\"><div data-id=\"305edc2\" data-element_type=\"widget\" data-widget_type=\"heading.default\"><div data-id=\"da5c34b\" data-element_type=\"widget\" data-widget_type=\"text-editor.default\"><div><div><h4>I. Name und Anschrift des Verantwortlichen<\/h4><\/div><\/div><div><div>Der Verantwortliche im Sinne der Datenschutz-Grundverordnung und anderer nationaler Datenschutzgesetze der Mitgliedsstaaten sowie sonstiger datenschutzrechtlicher Bestimmungen ist die:<\/div><\/div><div><div>Karuna Technology UG (haftungsbeschr\u00e4nkt)<\/div><\/div><div>Gerichtsstrasse 2<\/div><div><div>65185 Wiesbaden<\/div><\/div><div><div>Deutschland<\/div><\/div><div><div>Telefon:&nbsp;&nbsp;&nbsp;&nbsp;&nbsp;&nbsp;&nbsp;&nbsp;&nbsp;&nbsp;&nbsp;&nbsp;&nbsp;&nbsp;&nbsp;&nbsp; +49 178 4023163<\/div><\/div><div><div>Email:&nbsp;&nbsp;&nbsp;&nbsp;&nbsp;&nbsp;&nbsp;&nbsp;&nbsp;&nbsp;&nbsp;&nbsp;&nbsp;&nbsp;&nbsp;&nbsp;&nbsp;&nbsp;&nbsp; info@karuna.technology<\/div><\/div><div><div>Website:&nbsp; &nbsp; &nbsp; &nbsp; &nbsp; &nbsp; &nbsp; &nbsp;www.karuna.technology <\/div><\/div><\/div><div data-id=\"0ac2aed\" data-element_type=\"widget\" data-widget_type=\"text-editor.default\"><div><div><div><h4>II. Allgemeines zur Datenverarbeitung<\/h4><\/div><\/div><div><div><span>1. Umfang der Verarbeitung personenbezogener Daten<\/span><\/div><div>Wir verarbeiten personenbezogene Daten unserer Nutzer grunds\u00e4tzlich nur, soweit dies zur Bereitstellung einer funktionsf\u00e4higen Website sowie unserer Inhalte und Leistungen erforderlich ist. Die Verarbeitung personenbezogener Daten unserer Nutzer erfolgt regelm\u00e4\u00dfig nur nach Einwilligung des Nutzers. Eine Ausnahme gilt in solchen F\u00e4llen, in denen eine vorherige Einholung einer Einwilligung aus tats\u00e4chlichen Gr\u00fcnden nicht m\u00f6glich ist und die Verarbeitung der Daten durch gesetzliche Vorschriften gestattet ist.<\/div><div>&nbsp;<\/div><p><span>2. Rechtsgrundlage f\u00fcr die Verarbeitung personenbezogener Daten<\/span>&nbsp;Soweit wir f\u00fcr Verarbeitungsvorg\u00e4nge personenbezogener Daten eine Einwilligung der betroffenen Person einholen, dient Art. 6 Abs. 1 lit. a EU-Datenschutzgrundverordnung (DSGVO) als Rechtsgrundlage. Bei der Verarbeitung von personenbezogenen Daten, die zur Erf\u00fcllung eines Vertrages, dessen Vertragspartei die betroffene Person ist, erforderlich ist, dient Art. 6 Abs. 1 lit. b DSGVO als Rechtsgrundlage. Dies gilt auch f\u00fcr Verarbeitungsvorg\u00e4nge, die zur Durchf\u00fchrung vorvertraglicher Ma\u00dfnahmen erforderlich sind. Soweit eine Verarbeitung personenbezogener Daten zur Erf\u00fcllung einer rechtlichen Verpflichtung erforderlich ist, der unser Unternehmen unterliegt, dient Art. 6 Abs. 1 lit. c DSGVO als Rechtsgrundlage. F\u00fcr den Fall, dass lebenswichtige Interessen der betroffenen Person oder einer anderen nat\u00fcrlichen Person eine Verarbeitung personenbezogener Daten erforderlich machen, dient Art. 6 Abs. 1 lit. d DSGVO als Rechtsgrundlage. Ist die Verarbeitung zur Wahrung eines berechtigten Interesses unseres Unternehmens oder eines Dritten erforderlich und \u00fcberwiegen die Interessen, Grundrechte und Grundfreiheiten des Betroffenen das erstgenannte Interesse nicht, so dient Art. 6 Abs. 1 lit. f DSGVO als Rechtsgrundlage f\u00fcr die Verarbeitung.<\/p><\/div><div><div><span>3. Datenl\u00f6schung und Speicherdauer<\/span><\/div><div>Die personenbezogenen Daten der betroffenen Person werden gel\u00f6scht oder gesperrt, sobald der Zweck der Speicherung entf\u00e4llt. Eine Speicherung kann dar\u00fcber hinaus erfolgen, wenn dies durch den europ\u00e4ischen oder nationalen Gesetzgeber in unionsrechtlichen Verordnungen, Gesetzen oder sonstigen Vorschriften, denen der Verantwortliche unterliegt, vorgesehen wurde. Eine Sperrung oder L\u00f6schung der Daten erfolgt auch dann, wenn eine durch die genannten Normen vorgeschriebene Speicherfrist abl\u00e4uft, es sei denn, dass eine Erforderlichkeit zur weiteren Speicherung der Daten f\u00fcr einen Vertragsabschluss oder eine Vertragserf\u00fcllung besteht.<\/div><div>&nbsp;<\/div><\/div><div><div><span>4. Weitergabe personenbezogener Daten an Dritte und Auftragsverarbeiter<\/span><\/div><div>Ohne Ihre Einwilligung geben wir grunds\u00e4tzlich keine Daten an Dritte weiter. Sollte dies doch der Fall sein, dann erfolgt die Weitergabe auf der Grundlage der zuvor genannten Rechtsgrundlagen z.B. bei der Weitergabe von Daten an Online-Paymentanbieter zur Vertragserf\u00fcllung oder aufgrund gerichtlicher Anordnung oder wegen einer gesetzlichen Verpflichtung zur Herausgabe der Daten zum Zwecke der Strafverfolgung, zur Gefahrenabwehr oder zur Durchsetzung der Rechte am geistigen Eigentum. Wir setzen zudem Auftragsverarbeiter (externe Dienstleister z.B. zum Webhosting unserer Websites und Datenbanken) zur Verarbeitung Ihrer Daten ein. Wenn im Rahmen einer Vereinbarung zur Auftragsverarbeitung an die Auftragsverarbeiter Daten weitergegeben werden, erfolgt dies immer nach Art. 28 DS-GVO. Wir w\u00e4hlen dabei unsere Auftragsverarbeiter sorgf\u00e4ltig aus, kontrollieren diese regelm\u00e4\u00dfig und haben uns ein Weisungsrecht hinsichtlich der Daten einr\u00e4umen lassen. Zudem m\u00fcssen die Auftragsverarbeiter geeignete technische und organisatorische Ma\u00dfnahmen getroffen haben und die Datenschutzvorschriften gem. BDSG n.F. und DS-GVO einhalten.<\/div><div><br><\/div><\/div><\/div><\/div><div data-id=\"c37b45c\" data-element_type=\"widget\" data-widget_type=\"text-editor.default\"><div><div><div><h4>III. Bereitstellung der Website und Erstellung von Logfiles<\/h4><\/div><\/div><div><div>1. Beschreibung und Umfang der Datenverarbeitung Bei jedem Aufruf unserer Internetseite erfasst unser System automatisiert Daten und Informationen vom Computersystem des aufrufenden Rechners. Folgende Daten werden hierbei erhoben:<br><ul><li>Informationen \u00fcber den Browsertyp und die verwendete Version<\/li><li>Das Betriebssystem des Nutzers<\/li><li>Den Internet-Service-Provider des Nutzers<\/li><li>Die IP-Adresse des Nutzers<\/li><li>Datum und Uhrzeit des Zugriffs<\/li><li>Websites, von denen das System des Nutzers auf unsere Internetseite gelangt<\/li><li>Websites, die vom System des Nutzers \u00fcber unsere Website aufgerufen werden<\/li><\/ul>Die Daten werden ebenfalls in den Logfiles unseres Systems gespeichert. Eine Speicherung dieser Daten zusammen mit anderen personenbezogenen Daten des Nutzers findet nicht statt. Rechtsgrundlage f\u00fcr die vor\u00fcbergehende Speicherung der Daten und der Logfiles ist Art. 6 Abs. 1 lit. f DSGVO.<\/div><div>&nbsp;<\/div><\/div><div><div>2. Zweck der Datenverarbeitung Die vor\u00fcbergehende Speicherung der IP-Adresse durch das System ist notwendig, um eine Auslieferung der Website an den Rechner des Nutzers zu erm\u00f6glichen. Hierf\u00fcr muss die IP-Adresse des Nutzers f\u00fcr die Dauer der Sitzung gespeichert bleiben. Die Speicherung in Logfiles erfolgt, um die Funktionsf\u00e4higkeit der Website sicherzustellen. Zudem dienen uns die Daten zur Optimierung der Website und zur Sicherstellung der Sicherheit unserer informationstechnischen Systeme. Eine Auswertung der Daten zu Marketingzwecken findet in diesem Zusammenhang nicht statt. In diesen Zwecken liegt auch unser berechtigtes Interesse an der Datenverarbeitung nach Art. 6 Abs. 1 lit. f DSGVO.<\/div><div>&nbsp;<\/div><\/div><div><div>3. Dauer der Speicherung Die Daten werden gel\u00f6scht, sobald sie f\u00fcr die Erreichung des Zweckes ihrer Erhebung nicht mehr erforderlich sind. Im Falle der Erfassung der Daten zur Bereitstellung der Website ist dies der Fall, wenn die jeweilige Sitzung beendet ist. Im Falle der Speicherung der Daten in Logfiles ist dies nach sp\u00e4testens sieben Tagen der Fall. Eine dar\u00fcberhinausgehende Speicherung ist m\u00f6glich. In diesem Fall werden die IP-Adressen der Nutzer gel\u00f6scht oder verfremdet, sodass eine Zuordnung des aufrufenden Clients nicht mehr m\u00f6glich ist.<\/div><div>&nbsp;<\/div><\/div><div><div>4. Widerspruchs- und Beseitigungsm\u00f6glichkeit Die Erfassung der Daten zur Bereitstellung der Website und die Speicherung der Daten in Logfiles ist f\u00fcr den Betrieb der Internetseite zwingend erforderlich. Es besteht folglich seitens des Nutzers keine Widerspruchsm\u00f6glichkeit.<\/div><\/div><div><br><\/div><\/div><\/div><div data-id=\"d362704\" data-element_type=\"widget\" data-widget_type=\"text-editor.default\"><div><div><div><h4>IV. Verwendung von Cookies<\/h4><\/div><\/div><div><div>1. Beschreibung und Umfang der Datenverarbeitung Unsere Webseite verwendet Cookies. Bei Cookies handelt es sich um Textdateien, die im Internetbrowser bzw. vom Internetbrowser auf dem Computersystem des Nutzers gespeichert werden. Ruft ein Nutzer eine Website auf, so kann ein Cookie auf dem Betriebssystem des Nutzers gespeichert werden. Dieser Cookie enth\u00e4lt eine charakteristische Zeichenfolge, die eine eindeutige Identifizierung des Browsers beim erneuten Aufrufen der Website erm\u00f6glicht. Wir setzen Cookies ein, um unsere Website nutzerfreundlicher zu gestalten. Einige Elemente unserer Internetseite erfordern es, dass der aufrufende Browser auch nach einem Seitenwechsel identifiziert werden kann. In den Cookies werden dabei folgende Daten gespeichert und \u00fcbermittelt:<ul><li>Spracheinstellungen<\/li><li>Kontaktformular<\/li><li>Log-In-Informationen<\/li><\/ul>Wir verwenden auf unserer Website dar\u00fcber hinaus Cookies, die eine Analyse des Surfverhaltens der Nutzer erm\u00f6glichen. Auf diese Weise k\u00f6nnen folgende Daten \u00fcbermittelt werden:<ul><li>Eingegebene Suchbegriffe<\/li><li>H\u00e4ufigkeit von Seitenaufrufen<\/li><li>Inanspruchnahme von Website-Funktionen<\/li><\/ul>Die auf diese Weise erhobenen Daten der Nutzer werden durch technische Vorkehrungen pseudonymisiert. Daher ist eine Zuordnung der Daten zum aufrufenden Nutzer nicht mehr m\u00f6glich. Die Daten werden nicht gemeinsam mit sonstigen personenbezogenen Daten der Nutzer gespeichert. Beim Aufruf unserer Website werden die Nutzer durch einen Infobanner \u00fcber die Verwendung von Cookies zu Analysezwecken informiert und auf diese Datenschutzerkl\u00e4rung verwiesen. Es erfolgt in diesem Zusammenhang auch ein Hinweis darauf, wie die Speicherung von Cookies in den Browsereinstellungen unterbunden werden kann.<\/div><div>&nbsp;<\/div><\/div><div><div>2. Rechtsgrundlage f\u00fcr die Datenverarbeitung Die Rechtsgrundlage f\u00fcr die Verarbeitung personenbezogener Daten unter Verwendung technisch notweniger Cookies ist Art. 6 Abs. 1 lit. f DSGVO. Die Rechtsgrundlage f\u00fcr die Verarbeitung personenbezogener Daten unter Verwendung von Cookies zu Analysezwecken ist bei Vorliegen einer diesbez\u00fcglichen Einwilligung des Nutzers Art. 6 Abs. 1 lit. a DSGVO.<\/div><div>&nbsp;<\/div><\/div><div><div>3. Zweck der Datenverarbeitung Der Zweck der Verwendung technisch notwendiger Cookies ist, die Nutzung von Websites f\u00fcr die Nutzer zu vereinfachen. Einige Funktionen unserer Internetseite k\u00f6nnen ohne den Einsatz von Cookies nicht angeboten werden. F\u00fcr diese ist es erforderlich, dass der Browser auch nach einem Seitenwechsel wiedererkannt wird. F\u00fcr folgende Anwendungen ben\u00f6tigen wir Cookies:<ul><li>\u00dcbernahme von Spracheinstellungen<\/li><li>Merken von Suchbegriffen<\/li><\/ul>Die durch technisch notwendige Cookies erhobenen Nutzerdaten werden nicht zur Erstellung von Nutzerprofilen verwendet. Die Verwendung der Analyse-Cookies erfolgt zu dem Zweck, die Qualit\u00e4t unserer Website und ihre Inhalte zu verbessern. Durch die Analyse-Cookies erfahren wir, wie die Website genutzt wird und k\u00f6nnen so unser Angebot stetig optimieren. Der genaue Einsatzzweck der Analysecookies sollte an dieser Stelle genauer beschrieben werden. In diesen Zwecken liegt auch unser berechtigtes Interesse in der Verarbeitung der personenbezogenen Daten nach Art. 6 Abs. 1 lit. f DSGVO.<\/div><div>&nbsp;<\/div><\/div><div><div>4. Cookies von Drittanbietern (Third-Party-Cookies): Entsprechend Ihren W\u00fcnschen k\u00f6nnen Sie k\u00f6nnen Ihre Browser-Einstellung konfigurieren und z. B. Die Annahme von Third-Party-Cookies oder allen Cookies ablehnen. Wir weisen Sie jedoch an dieser Stelle darauf hin, dass Sie dann eventuell nicht alle Funktionen dieser Website nutzen k\u00f6nnen. Lesen Sie N\u00e4heres zu diesen Cookies bei den jeweiligen Datenschutzerkl\u00e4rungen zu den Drittanbietern. Rechtsgrundlage dieser Verarbeitung ist Art. 6 Abs. 1 S. lit. b) DS-GVO, wenn die Cookies zur Vertragsanbahnung z.B. bei Bestellungen gesetzt werden und ansonsten haben wir ein berechtigtes Interesse an der effektiven Funktionalit\u00e4t der Website, so dass in dem Falle Art. 6 Abs. 1 S. 1 lit. f) DS-GVO Rechtsgrundlage ist. Widerspruch und \u201eOpt-Out\u201c: Das Speichern von Cookies auf Ihrer Festplatte k\u00f6nnen Sie allgemein verhindern, indem Sie in Ihren Browser-Einstellungen \u201ekeine Cookies akzeptieren\u201c w\u00e4hlen. Dies kann aber eine Funktionseinschr\u00e4nkung unserer Angebote zur Folge haben. Sie k\u00f6nnen dem Einsatz von Cookies von Drittanbietern zu Werbezwecken \u00fcber ein sog. \u201eOpt-out\u201c \u00fcber diese amerikanische Website (<a href=\"https:\/\/optout.aboutads.info\/\" target=\"_blank\" rel=\"noopener\">link zur Seite<\/a>) oder diese europ\u00e4ische Website (<a href=\"http:\/\/www.youronlinechoices.com\/de\/praferenzmanagement\/\" target=\"_blank\" rel=\"noopener\">link zur Seite<\/a>) widersprechen.<\/div><div>&nbsp;<\/div><\/div><div><div>5. Dauer der Speicherung, Widerspruchs- und Beseitigungsm\u00f6glichkeit Cookies werden auf dem Rechner des Nutzers gespeichert und von diesem an unserer Seite \u00fcbermittelt. Daher haben Sie als Nutzer auch die volle Kontrolle \u00fcber die Verwendung von Cookies. Durch eine \u00c4nderung der Einstellungen in Ihrem Internetbrowser k\u00f6nnen Sie die \u00dcbertragung von Cookies deaktivieren oder einschr\u00e4nken. Bereits gespeicherte Cookies k\u00f6nnen jederzeit gel\u00f6scht werden. Dies kann auch automatisiert erfolgen. Werden Cookies f\u00fcr unsere Website deaktiviert, k\u00f6nnen m\u00f6glicherweise nicht mehr alle Funktionen der Website vollumf\u00e4nglich genutzt werden.<\/div><\/div><div><br><\/div><\/div><\/div><div data-id=\"0756b9a\" data-element_type=\"widget\" data-widget_type=\"text-editor.default\"><div><div><div><h4>V. Abwicklung von Vertr\u00e4gen<\/h4><\/div><\/div><div><div>1. Verarbeitung von Bestandsdaten Wir verarbeiten Bestandsdaten (z.B. Unternehmen, Titel\/akademischer Grad, Namen und Adressen sowie Kontaktdaten von Nutzern, E-Mail), Vertragsdaten (z.B. in Anspruch genommene Leistungen, Namen von Kontaktpersonen) und Zahlungsdaten (z.B. Bankverbindung, Zahlungshistorie) zwecks Erf\u00fcllung unserer vertraglichen Verpflichtungen (Kenntnis, wer Vertragspartner ist; Begr\u00fcndung, inhaltliche Ausgestaltung und Abwicklung des Vertrags; \u00dcberpr\u00fcfung auf Plausibilit\u00e4t der Daten) und Serviceleistungen (z.B. Kontaktaufnahme des Kundenservice) gem. Art. 6 Abs. 1 S. 1 lit b) DS-GVO. Die in Onlineformularen als verpflichtend gekennzeichneten Eingaben, sind f\u00fcr den Vertragsschluss erforderlich.<\/div><div>&nbsp;<\/div><\/div><div><div>2. Weitergabe an Dritte Eine Weitergabe dieser Daten an Dritte erfolgt grunds\u00e4tzlich nicht, au\u00dfer sie ist zur Verfolgung unserer Anspr\u00fcche (z.B. \u00dcbergabe an Rechtsanwalt zum Inkasso) oder zur Erf\u00fcllung des Vertrags (z.B. \u00dcbergabe der Daten an Zahlungsanbieter) erforderlich oder es besteht hierzu besteht eine gesetzliche Verpflichtung gem. Art. 6 Abs. 1 S. 1 lit. c) DS-GVO.<\/div><div>&nbsp;<\/div><\/div><div><div>3. Zusendung von weiteren Produktdaten &amp; Portfolio Wir k\u00f6nnen die von Ihnen angegebenen Daten zudem verarbeiten, um Sie \u00fcber weitere interessante Produkte aus unserem Portfolio zu informieren oder Ihnen E-Mails mit technischen Informationen zukommen lassen.<\/div><div>&nbsp;<\/div><\/div><div><div>4. L\u00f6schung der Daten Die Daten werden gel\u00f6scht, sobald sie f\u00fcr die Erreichung des Zweckes ihrer Erhebung nicht mehr erforderlich sind. Dies ist f\u00fcr die Bestands- und Vertragsdaten dann der Fall, wenn die Daten f\u00fcr die Durchf\u00fchrung des Vertrages nicht mehr erforderlich sind und keine Anspr\u00fcche mehr aus dem Vertrag geltend gemacht werden k\u00f6nnen, weil diese verj\u00e4hrt sind (Gew\u00e4hrleistung: zwei Jahre \/ Regelverj\u00e4hrung: drei Jahre). Wir sind aufgrund handels- und steuerrechtlicher Vorgaben verpflichtet, Ihre Adress-, Zahlungs- und Bestelldaten f\u00fcr die Dauer von zehn Jahren zu speichern. Allerdings nehmen wir bei Vertragsbeendigung nach drei Jahren eine Einschr\u00e4nkung der Verarbeitung vor, d. h. Ihre Daten werden nur zur Einhaltung der gesetzlichen Verpflichtungen eingesetzt. Angaben im Nutzerkonto verbleiben bis zu dessen L\u00f6schung.<\/div><\/div><div><br><\/div><\/div><\/div><div data-id=\"1a91568\" data-element_type=\"widget\" data-widget_type=\"text-editor.default\"><div><div><div><h4>VI. Kontaktformular und E-Mail-Kontakt<\/h4><\/div><\/div><div><div>1. Beschreibung und Umfang der Datenverarbeitung Auf unserer Internetseite ist ein Kontaktformular vorhanden, welches f\u00fcr die elektronische Kontaktaufnahme genutzt werden kann. Nimmt ein Nutzer diese M\u00f6glichkeit wahr, so werden die in der Eingabemaske eingegeben Daten an uns \u00fcbermittelt und gespeichert. Diese Daten sind:<ul><li>Kontaktwidget im footer<\/li><li>Kontaktformular auf der kontaktseite<\/li><\/ul>Im Zeitpunkt der Absendung der Nachricht werden zudem folgende Daten gespeichert:<ul><li>Die IP-Adresse des Nutzers<\/li><li>Datum und Uhrzeit der Registrierung<\/li><li>Name<\/li><li>Email<\/li><li>Telefon<\/li><li>Adresse<\/li><li>Nachricht<\/li><\/ul>F\u00fcr die Verarbeitung der Daten wird im Rahmen des Absendevorgangs Ihre Einwilligung eingeholt und auf diese Datenschutzerkl\u00e4rung verwiesen. Alternativ ist eine Kontaktaufnahme \u00fcber die bereitgestellte E-Mail-Adresse m\u00f6glich. In diesem Fall werden die mit der E-Mail \u00fcbermittelten personenbezogenen Daten des Nutzers gespeichert. Es erfolgt in diesem Zusammenhang keine Weitergabe der Daten an Dritte. Die Daten werden ausschlie\u00dflich f\u00fcr die Verarbeitung der Konversation verwendet.<\/div><div>&nbsp;<\/div><\/div><div><div>2. Rechtsgrundlage f\u00fcr die Datenverarbeitung Rechtsgrundlage f\u00fcr die Verarbeitung der Daten ist bei Vorliegen einer Einwilligung des Nutzers Art. 6 Abs. 1 lit. a DSGVO. Rechtsgrundlage f\u00fcr die Verarbeitung der Daten, die im Zuge einer \u00dcbersendung einer E-Mail \u00fcbermittelt werden, ist Art. 6 Abs. 1 lit. f DSGVO. Zielt der E-Mail-Kontakt auf den Abschluss eines Vertrages ab, so ist zus\u00e4tzliche Rechtsgrundlage f\u00fcr die Verarbeitung Art. 6 Abs. 1 lit. b DSGVO.<\/div><div>&nbsp;<\/div><\/div><div><div>3. Zweck der Datenverarbeitung Die Verarbeitung der personenbezogenen Daten aus der Eingabemaske dient uns allein zur Bearbeitung der Kontaktaufnahme. Im Falle einer Kontaktaufnahme per E-Mail liegt hieran auch das erforderliche berechtigte Interesse an der Verarbeitung der Daten. Die sonstigen w\u00e4hrend des Absendevorgangs verarbeiteten personenbezogenen Daten dienen dazu, einen Missbrauch des Kontaktformulars zu verhindern und die Sicherheit unserer informationstechnischen Systeme sicherzustellen.<\/div><div>&nbsp;<\/div><\/div><div><div>4. Dauer der Speicherung Die Daten werden gel\u00f6scht, sobald sie f\u00fcr die Erreichung des Zweckes ihrer Erhebung nicht mehr erforderlich sind. F\u00fcr die personenbezogenen Daten aus der Eingabemaske des Kontaktformulars und diejenigen, die per E-Mail \u00fcbersandt wurden, ist dies dann der Fall, wenn die jeweilige Konversation mit dem Nutzer beendet ist. Beendet ist die Konversation dann, wenn sich aus den Umst\u00e4nden entnehmen l\u00e4sst, dass der betroffene Sachverhalt abschlie\u00dfend gekl\u00e4rt ist. Die w\u00e4hrend des Absendevorgangs zus\u00e4tzlich erhobenen personenbezogenen Daten werden sp\u00e4testens nach einer Frist von sieben Tagen gel\u00f6scht.<\/div><div>&nbsp;<\/div><\/div><div><div>5. Widerspruchs- und Beseitigungsm\u00f6glichkeit Der Nutzer hat jederzeit die M\u00f6glichkeit, seine Einwilligung zur Verarbeitung der personenbezogenen Daten zu widerrufen. Nimmt der Nutzer per E-Mail Kontakt mit uns auf, so kann er der Speicherung seiner personenbezogenen Daten jederzeit widersprechen. In einem solchen Fall kann die Konversation nicht fortgef\u00fchrt werden. Alle personenbezogenen Daten, die im Zuge der Kontaktaufnahme gespeichert wurden, werden in diesem Fall gel\u00f6scht.<\/div><\/div><div><br><\/div><\/div><\/div><div data-id=\"1671220\" data-element_type=\"widget\" data-widget_type=\"text-editor.default\"><div><div><div><h4>VII. Kontaktaufnahme per Telefon<\/h4><\/div><\/div><div><div>1. Beschreibung und Umfang der Datenverarbeitung Bei der Kontaktaufnahme mit uns per Telefon wird Ihre Telefonnummer zur Bearbeitung der Kontaktanfrage und deren Abwicklung verarbeitet und tempor\u00e4r im RAM \/ Cache des Telefonger\u00e4tes \/ Displays gespeichert bzw. angezeigt. Die Speicherung erfolgt aus Haftungs- und Sicherheitsgr\u00fcnden, um den Beweis des Anrufs f\u00fchren zu k\u00f6nnen sowie aus wirtschaftlichen Gr\u00fcnden, um einen R\u00fcckruf zu erm\u00f6glichen. Im Falle von unberechtigten Werbeanrufen, sperren wir die Rufnummern.<\/div><div>&nbsp;<\/div><\/div><div><div>2. Rechtsgrundlage f\u00fcr die Datenverarbeitung Rechtsgrundlage f\u00fcr die Verarbeitung der Telefonnummer ist Art. 6 Abs. 1 S. 1 lit. f) DS-GVO. Zielt der Kontakt auf den Abschluss eines Vertrages ab, so ist zus\u00e4tzliche Rechtsgrundlage f\u00fcr die Verarbeitung Art. 6 Abs. 1 lit. b) DS-GVO.<\/div><div>&nbsp;<\/div><\/div><div><div>3. Speicherung &amp; Dauer der Speicherung Der Ger\u00e4tecache speichert die Anrufe Tage und \u00fcberschreibt bzw. l\u00f6scht sukzessiv alte Daten, bei Entsorgung des Ger\u00e4tes werden alle Daten gel\u00f6scht und der Speicher ggf. zerst\u00f6rt. Gesperrte Telefonnummer werden j\u00e4hrlich auf die Notwendigkeit der Sperrung gepr\u00fcft. Die Daten werden gel\u00f6scht, sobald sie f\u00fcr die Erreichung des Zweckes ihrer Erhebung nicht mehr erforderlich sind.<\/div><div>&nbsp;<\/div><\/div><div><div>4. Widerspruchs- und Beseitigungsm\u00f6glichkeit Sie k\u00f6nnen die Anzeige der Telefonnummer verhindern, indem Sie mit unterdr\u00fcckter Telefonnummer anrufen.<\/div><\/div><div><br><\/div><\/div><\/div><div data-id=\"c16b8a5\" data-element_type=\"widget\" data-widget_type=\"text-editor.default\"><div><div><div><h4>VIII. Pr\u00e4senz in sozialen Medien<\/h4><\/div><\/div><div><div>Wir unterhalten in sozialen Medien Profile bzw. Fanpages, um mit den dort angeschlossenen und registrierten Nutzern zu kommunizieren und um \u00fcber unsere Produkte, Angebote und Dienstleistungen zu informieren. Die US-Anbieter sind nach dem sog. Privacy-Shield zertifiziert und damit verpflichtet europ\u00e4ischen Datenschutz einzuhalten. Bei der Nutzung und dem Aufruf unseres Profils im jeweiligen Netzwerk durch Sie gelten die jeweiligen Datenschutzhinweise und Nutzungsbedingungen des jeweiligen Netzwerks.<br>Wir verarbeiten Ihre Daten, die Sie uns \u00fcber diese Netzwerke senden, um mit Ihnen zu kommunizieren und um Ihre dortigen Nachrichten zu beantworten.<br>Die Rechtsgrundlage f\u00fcr die Verarbeitung der personenbezogenen Daten ist unser berechtigtes Interesse an der Kommunikation mit den Nutzern und unsere Au\u00dfendarstellung zwecks Werbung gem\u00e4\u00df Art. 6 Abs. 1 S. 1 lit. f) DS-GVO. Soweit Sie dem Verantwortlichen des sozialen Netzwerks eine Einwilligung in die Verarbeitung Ihrer personenbezogenen Daten erteilt haben, ist Rechtsgrundlage Art. 6 Abs. 1 S. 1 lit. a) und Art. 7 DS-GVO.<br>Die Datenschutzhinweise, Auskunftsm\u00f6glichkeiten und Widerspruchm\u00f6glichkeiten (Opt-Out) der jeweiligen Netzwerke finden Sie hier:<ul><li>Facebook (Facebook Ireland Ltd., 4 Grand Canal Square, Grand Canal Harbour, Dublin 2, Irland) Datenschutzerkl\u00e4rung:&nbsp;<a href=\"https:\/\/www.facebook.com\/about\/privacy\/\" target=\"_blank\" rel=\"noopener\">(link zur Seite)<\/a>, Opt-Out:&nbsp;<a href=\"https:\/\/www.facebook.com\/settings?tab=ads\" target=\"_blank\" rel=\"noopener\">(link zur Seite)<\/a>&nbsp;und&nbsp;<a href=\"http:\/\/www.youronlinechoices.com\/\" target=\"_blank\" rel=\"noopener\">(link zur Seite)<\/a>, Privacy Shield:&nbsp;<a href=\"https:\/\/www.privacyshield.gov\/participant?id=a2zt0000000GnywAAC&amp;status=Active\" target=\"_blank\" rel=\"noopener\">(link zur Seite)<\/a>.<\/li><li>Instagram (Instagram Inc., 1601 Willow Road, Menlo Park, CA, 94025, USA) \u2013 Datenschutzerkl\u00e4rung\/Opt-Out:&nbsp;<a href=\"http:\/\/instagram.com\/about\/legal\/privacy\/\" target=\"_blank\" rel=\"noopener\">(link zur Seite)<\/a>.<\/li><li>Twitter (Twitter Inc., 1355 Market Street, Suite 900, San Francisco, CA 94103, USA) \u2013 Datenschutzerkl\u00e4rung:&nbsp;<a href=\"https:\/\/twitter.com\/de\/privacy\" target=\"_blank\" rel=\"noopener\">(link zur Seite)<\/a>, Opt-Out:&nbsp;<a href=\"https:\/\/twitter.com\/personalization\" target=\"_blank\" rel=\"noopener\">(link zur Seite)<\/a>, Privacy Shield:&nbsp;<a href=\"https:\/\/www.privacyshield.gov\/participant?id=a2zt0000000TORzAAO&amp;status=Active\" target=\"_blank\" rel=\"noopener\">(link zur Seite)<\/a>.<\/li><li>XING (XING AG, Dammtorstra\u00dfe 29-32, 20354 Hamburg, Deutschland) \u2013 Datenschutzerkl\u00e4rung\/Opt-Out:&nbsp;<a href=\"https:\/\/privacy.xing.com\/de\/datenschutzerklaerung\" target=\"_blank\" rel=\"noopener\">(link zur Seite)<\/a>.<\/li><li>LinkedIn (LinkedIn Ireland Unlimited Company, Wilton Place, Dublin 2, Irland) \u2013 Datenschutzerkl\u00e4rung:&nbsp;<a href=\"https:\/\/www.linkedin.com\/legal\/privacy-policy\" target=\"_blank\" rel=\"noopener\">(link zur Seite)<\/a>, Cookie-Richtlinie und Opt-Out:&nbsp;<a href=\"https:\/\/www.linkedin.com\/legal\/cookie-policy\" target=\"_blank\" rel=\"noopener\">(link zur Seite)<\/a>, Privacy Shield der US-Firma LinkedIn Inc.:&nbsp;<a href=\"https:\/\/www.privacyshield.gov\/participant?id=a2zt0000000L0UZAA0&amp;status=Active\" target=\"_blank\" rel=\"noopener\">(link zur Seite)<\/a>.<\/li><\/ul><\/div><\/div><\/div><\/div><div data-id=\"3646f47\" data-element_type=\"widget\" data-widget_type=\"text-editor.default\"><div><div><div><h4><br><\/h4><h4>IX. Pr\u00e4senz in sozialen Medien<\/h4><\/div><\/div><div><div>Wir setzen auf unserer Webseite Social-Media-Plug-ins von sozialen Netzwerken ein. Dabei nutzen wir die sog. \u201eZwei-Klick-L\u00f6sung\u201c-Shariff von c\u2019t bzw. heise.de. Beim Abruf unserer Website werden dadurch keine personenbezogenen Daten an die Anbieter der Plug-ins \u00fcbermittelt. Neben dem Logo bzw. der Marke des sozialen Netzwerks finden Sie einen Regler, mit dem Sie das Plug-in per Klick aktivieren k\u00f6nnen. Nach der Aktivierung erh\u00e4lt der Anbieter des sozialen Netzwerks die Information, dass Sie unsere Website aufgerufen haben und Ihre personenbezogenen Daten an den Anbieter des Plug-ins \u00fcbermittelt und dort gespeichert werden. Hierbei handelt es sich um sog. Thirdparty Cookies. Bei einigen Anbietern wie Facebook und XING wird nach deren Angaben Ihre IP nach der Erhebung sofort anonymisiert.<br>Die \u00fcber den Nutzer erhobenen Daten speichert der Plug-in-Anbieter als Nutzungsprofile. Diese werden f\u00fcr Zwecke der Werbung, Marktforschung und\/oder bedarfsgerechten Gestaltung seiner Website verwendet. Eine solche Auswertung erfolgt insbesondere (auch f\u00fcr nicht eingeloggte Nutzer) zur Darstellung von bedarfsgerechter Werbung und um andere Nutzer des sozialen Netzwerks \u00fcber die Aktivit\u00e4ten des Nutzers auf unserer Website zu informieren. Dem Nutzer steht ein Widerspruchsrecht gegen die Bildung dieser Nutzerprofile zu, wobei man sich zur Aus\u00fcbung dieses Rechts an den jeweiligen Plug-in-Anbieter wenden muss.<br>Rechtsgrundlage f\u00fcr die Nutzung der Plug-ins ist unser berechtigtes Interesse an der Verbesserung und Optimierung unserer Website durch die Steigerung unserer Bekanntheit mittels sozialer Netzwerke sowie die M\u00f6glichkeit der Interaktion mit Ihnen und der Nutzer untereinander \u00fcber soziale Netzwerke gem\u00e4\u00df Art. 6 Abs. 1 S.1 lit. f) DS-GVO.<br>Auf die erhobenen Daten und Datenverarbeitungsvorg\u00e4nge haben wir keinen Einfluss. Auch haben wir keine Kenntnis vom Umfang der Datenerhebung, vom Zweck der Verarbeitung und von den Speicherfristen. Auch zur L\u00f6schung der erhobenen Daten durch den Plug-in-Anbieter liegen uns keine Informationen vor.<br>Wir verweisen hinsichtlich des Zwecks und Umfangs der Datenerhebung und Verarbeitung auf die jeweiligen Datenschutzerkl\u00e4rungen der sozialen Netzwerke. Zudem finden Sie dort auch Hinweise zu Ihren Rechten und Einstellungsm\u00f6glichkeiten zum Schutz Ihrer personenbezogenen Daten.<\/div><\/div><\/div><\/div><div data-id=\"087823d\" data-element_type=\"widget\" data-widget_type=\"text-editor.default\"><div><div><div><h4><br><\/h4><h4>X. Facebook<\/h4><\/div><\/div><p>Wir haben auf unserer Website Plug-ins vom sozialen Netzwerk Facebook.com (Firmensitz in der EU: Facebook Ireland Ltd., 4 Grand Canal Square, Grand Canal Harbour, Dublin 2, Irland) im Rahmen der sog. \u201eZwei-Klick-L\u00f6sung\u201c von Shariff integriert.Diese erkennen Sie am Facebook-Logo \u201ef\u201c bzw. dem Zusatz \u201eLike\u201c, \u201eGef\u00e4llt mir\u201c oder \u201eShare\u201c.<br>Sobald Sie willentlich das Facebook-Plug-in aktivieren, wird hierbei eine Verbindung von Ihrem Browser zu den Servern von Facebook hergestellt. Dabei erh\u00e4lt Facebook die Information, einschlie\u00dflich Ihrer IP, dass Sie unsere Website aufgerufen haben und \u00fcbertr\u00e4gt diese Information an Server von Facebook in den USA, wo diese Information gespeichert wird. Wenn Sie bei Facebook in Ihren Account eingeloggt sind, kann Facebook diese Information Ihrem Account zuordnen. Bei Nutzung der Funktionen des Plug-ins, z.B. Bet\u00e4tigung des \u201eLike\u201c-Buttons, werden diese Informationen ebenfalls von Ihrem Browser an die Server von Facebook in den USA \u00fcbertragen und dort gespeichert sowie in Ihrem Facebook-Profil und ggf. bei Ihren Freunden angezeigt.<br>Zweck und Umfang der Datenerhebung sowie ihre weitere Verarbeitung und Nutzung der Daten durch Facebook sowie Ihre diesbez\u00fcglichen Rechte und Einstellungsm\u00f6glichkeiten zum Schutz Ihrer Privatsph\u00e4re, k\u00f6nnen Sie den Datenschutzhinweisen von Facebook entnehmen:&nbsp;<a href=\"https:\/\/www.facebook.com\/about\/privacy\/\" target=\"_blank\" rel=\"noopener\">(link zur Seite)<\/a>. Datenerhebung beim \u201eGef\u00e4llt mir\u201c-Button:&nbsp;<a href=\"https:\/\/www.facebook.com\/help\/186325668085084\" target=\"_blank\" rel=\"noopener\">(link zur Seite)<\/a>. Ihre Einstellungen hinsichtlich der Nutzung Ihrer Profildaten zu Werbezwecken bei Facebook k\u00f6nnen Sie hier verwalten und widersprechen:&nbsp;<a href=\"https:\/\/www.facebook.com\/ads\/preferences\/\" target=\"_blank\" rel=\"noopener\">(link zur Seite)<\/a>.<br>Wenn Sie sich bei Facebook vor dem Besuch unserer Website ausloggen und Ihre Cookies l\u00f6schen, werden bei der Aktivierung des Plug-ins keine Daten \u00fcber den Besuch unserer Website Ihrem Profil auf Facebook zugeordnet.<br>Sie k\u00f6nnen auch das Laden des Facebook Plug-Ins durch sog. \u201eFacebook Blocker\u201c verhindern, welche Sie als Add-on f\u00fcr Ihren Browser installieren k\u00f6nnen.<br>Facebook hat sich dem Privacy Shield unterworfen und stellt damit sicher, dass europ\u00e4isches Datenschutzrecht eingehalten wird:<\/p><\/div><\/div><div data-id=\"1be7b8a\" data-element_type=\"widget\" data-widget_type=\"text-editor.default\"><div><div><div><h4><br><\/h4><h4>XI. Twitter<\/h4><\/div><\/div><div><div>Wir haben auf unserer Website Plug-Ins des sozialen Netzwerks Twitter.com (Twitter Inc., 1355 Market St., Suite 900, San Francisco, California 94103, USA) im Rahmen der sog. \u201eZwei-Klick-L\u00f6sung\u201c von Shariff integriert. Diese Plug-Ins erkennen Sie an dem Twitter-Logo mit wei\u00dfem Vogel auf blauem Hintergrund. Eine \u00dcbersicht \u00fcber Twitter-Buttons bzw. Tweets finden Sie unter:&nbsp;<a href=\"https:\/\/developer.twitter.com\/en\/docs\/twitter-for-websites\/overview\" target=\"_blank\" rel=\"noopener\">(link zur Seite)<\/a>.<br>Wenn Sie in Ihren Twitter-Account eingeloggt sind, w\u00e4hrend Sie die Twitter-Plug-ins willentlich aktivieren, kann Twitter den Anruf unserer Website Ihrem Twitter-Profil zuordnen. Welche Daten an Twitter \u00fcbermittelt werden, ist uns nicht bekannt.<br>Wenn Sie die Daten\u00fcbermittlung bei Aktivierung des Plug-ins an Twitter ausschlie\u00dfen m\u00f6chten, dann loggen Sie sich vor dem Besuch unserer Website bei Twitter aus und l\u00f6schen Ihre Cookies.<br>Zweck und Umfang der Datenerhebung sowie ihre weitere Verarbeitung und Nutzung der Daten durch Twitter sowie Ihre diesbez\u00fcglichen Rechte und Einstellungsm\u00f6glichkeiten zum Schutz Ihrer Privatsph\u00e4re, k\u00f6nnen Sie den Datenschutzhinweisen von Twitter entnehmen: https:\/\/twitter.com\/de\/privacy. Widerspruch (Opt-Out): https:\/\/twitter.com\/personalization.<br>Twitter hat sich dem Privacy Shield unterworfen und stellt damit sicher, dass europ\u00e4isches Datenschutzrecht eingehalten wird:&nbsp;<a href=\"https:\/\/www.privacyshield.gov\/EU-US-Framework\" target=\"_blank\" rel=\"noopener\">(link zur Seite)<\/a>.<\/div><\/div><\/div><\/div><div data-id=\"4a049d0\" data-element_type=\"widget\" data-widget_type=\"text-editor.default\"><div><div><div><h4><br><\/h4><h4>XII. Instagram<\/h4><\/div><\/div><div><div>Wir haben auf unserer Website Plug-Ins vom sozialen Netzwerk Instagram (Instagram LLC., 1601 Willow Road, Menlo Park, CA, 94025, USA) im Rahmen der sog. \u201eZwei-Klick-L\u00f6sung\u201c von Shariff integriert. Diese erkennen Sie am Instagram-Logo in der Form einer viereckigen Kamera.<br>Wenn Sie willentlich das Plug-in aktivieren, wird hierbei eine Verbindung von Ihrem Browser zu den Servern von Instagram hergestellt. Dabei erh\u00e4lt Instagram die Information, einschlie\u00dflich Ihrer IP-Adresse, dass Sie unsere Seite besucht haben und \u00fcbertr\u00e4gt die Information an Server von Instagram in den USA, wo diese Information gespeichert wird. Wenn Sie bei Instagram in Ihren Account eingeloggt sind, kann Instagram diese Information Ihrem Account zuordnen und Sie k\u00f6nnen den Instagram-Button anklicken und so die Inhalte unserer Seiten auf Ihrem Instagram-Account teilen und speichern sowie ggf. Ihren dortigen Freunden anzeigen. Wir haben keine Kenntnis \u00fcber den genauen Inhalt der \u00fcbermittelten Daten, deren Nutzung und Speicherdauer durch Instagram.<br>Wenn Sie sich bei Instagram vor dem Besuch unserer Website ausloggen und Ihre Cookies l\u00f6schen, werden bei der Aktivierung des Plug-ins keine Daten \u00fcber den Besuch unserer Website Ihrem Profil auf Instagram zugeordnet.<br>Sie erhalten weitere Informationen in der Datenschutzerkl\u00e4rung von Instagram unter&nbsp;<a href=\"https:\/\/help.instagram.com\/519522125107875\" target=\"_blank\" rel=\"noopener\">(link zur Seite)<\/a>&nbsp;und zu den Einstellungen zum Schutz der Privatsph\u00e4re hier:&nbsp;<a href=\"https:\/\/help.instagram.com\/519522125107875\" target=\"_blank\" rel=\"noopener\">(link zur Seite)<\/a>.<\/div><\/div><\/div><\/div><div data-id=\"9684f72\" data-element_type=\"widget\" data-widget_type=\"text-editor.default\"><div><div><div><h4><br><\/h4><h4>XIII. Rechte der betroffenen Person<\/h4><\/div><\/div><div><div>Die folgende Auflistung umfasst alle Rechte der Betroffenen nach der DSGVO. Rechte, die f\u00fcr die eigene Webseite keine Relevanz haben, m\u00fcssen nicht genannt werden. Insoweit kann die Auflistung gek\u00fcrzt werden. Werden personenbezogene Daten von Ihnen verarbeitet, sind Sie Betroffener i.S.d. DSGVO und es stehen Ihnen folgende Rechte gegen\u00fcber dem Verantwortlichen zu:<\/div><div>&nbsp;<\/div><\/div><div><div>1. Auskunftsrecht&nbsp;Sie k\u00f6nnen von dem Verantwortlichen eine Best\u00e4tigung dar\u00fcber verlangen, ob personenbezogene Daten, die Sie betreffen, von uns verarbeitet werden. Liegt eine solche Verarbeitung vor, k\u00f6nnen Sie von dem Verantwortlichen \u00fcber folgende Informationen Auskunft verlangen:<ul><li>die Zwecke, zu denen die personenbezogenen Daten verarbeitet werden;<\/li><li>die Kategorien von personenbezogenen Daten, welche verarbeitet werden;<\/li><li>die Empf\u00e4nger bzw. die Kategorien von Empf\u00e4ngern, gegen\u00fcber denen die Sie betreffenden personenbezogenen Daten offengelegt wurden oder noch offengelegt werden;<\/li><li>die geplante Dauer der Speicherung der Sie betreffenden personenbezogenen Daten oder, falls konkrete Angaben hierzu nicht m\u00f6glich sind, Kriterien f\u00fcr die Festlegung der Speicherdauer;<\/li><li>das Bestehen eines Rechts auf Berichtigung oder L\u00f6schung der Sie betreffenden personenbezogenen Daten, eines Rechts auf Einschr\u00e4nkung der Verarbeitung durch den Verantwortlichen oder eines Widerspruchsrechts gegen diese Verarbeitung;<\/li><li>das Bestehen eines Beschwerderechts bei einer Aufsichtsbeh\u00f6rde;<\/li><li>alle verf\u00fcgbaren Informationen \u00fcber die Herkunft der Daten, wenn die personenbezogenen Daten nicht bei der betroffenen Person erhoben werden;<\/li><li>das Bestehen einer automatisierten Entscheidungsfindung einschlie\u00dflich Profiling gem\u00e4\u00df Art. 22 Abs. 1 und 4 DSGVO und \u2013 zumindest in diesen F\u00e4llen \u2013 aussagekr\u00e4ftige Informationen \u00fcber die involvierte Logik sowie die Tragweite und die angestrebten Auswirkungen einer derartigen Verarbeitung f\u00fcr die betroffene Person.<\/li><\/ul>Ihnen steht das Recht zu, Auskunft dar\u00fcber zu verlangen, ob die Sie betreffenden personenbezogenen Daten in ein Drittland oder an eine internationale Organisation \u00fcbermittelt werden. In diesem Zusammenhang k\u00f6nnen Sie verlangen, \u00fcber die geeigneten Garantien gem. Art. 46 DSGVO im Zusammenhang mit der \u00dcbermittlung unterrichtet zu werden.<\/div><div>&nbsp;<\/div><\/div><div><div>2. Recht auf Berichtigung&nbsp;Sie haben ein Recht auf Berichtigung und\/oder Vervollst\u00e4ndigung gegen\u00fcber dem Verantwortlichen, sofern die verarbeiteten personenbezogenen Daten, die Sie betreffen, unrichtig oder unvollst\u00e4ndig sind. Der Verantwortliche hat die Berichtigung unverz\u00fcglich vorzunehmen.<\/div><div>&nbsp;<\/div><\/div><div><div>3. Recht auf Einschr\u00e4nkung der Verarbeitung&nbsp;Unter den folgenden Voraussetzungen k\u00f6nnen Sie die Einschr\u00e4nkung der Verarbeitung der Sie betreffenden personenbezogenen Daten verlangen:<ul><li>wenn Sie die Richtigkeit der Sie betreffenden personenbezogenen f\u00fcr eine Dauer bestreiten, die es dem Verantwortlichen erm\u00f6glicht, die Richtigkeit der personenbezogenen Daten zu \u00fcberpr\u00fcfen;<\/li><li>die Verarbeitung unrechtm\u00e4\u00dfig ist und Sie die L\u00f6schung der personenbezogenen Daten ablehnen und stattdessen die Einschr\u00e4nkung der Nutzung der personenbezogenen Daten verlangen;<\/li><li>der Verantwortliche die personenbezogenen Daten f\u00fcr die Zwecke der Verarbeitung nicht l\u00e4nger ben\u00f6tigt, Sie diese jedoch zur Geltendmachung, Aus\u00fcbung oder Verteidigung von Rechtsanspr\u00fcchen ben\u00f6tigen, oder<\/li><li>wenn Sie Widerspruch gegen die Verarbeitung gem\u00e4\u00df Art. 21 Abs. 1 DSGVO eingelegt haben und noch nicht feststeht, ob die berechtigten Gr\u00fcnde des Verantwortlichen gegen\u00fcber Ihren Gr\u00fcnden \u00fcberwiegen.<\/li><\/ul>Wurde die Verarbeitung der Sie betreffenden personenbezogenen Daten eingeschr\u00e4nkt, d\u00fcrfen diese Daten \u2013 von ihrer Speicherung abgesehen \u2013 nur mit Ihrer Einwilligung oder zur Geltendmachung, Aus\u00fcbung oder Verteidigung von Rechtsanspr\u00fcchen oder zum Schutz der Rechte einer anderen nat\u00fcrlichen oder juristischen Person oder aus Gr\u00fcnden eines wichtigen \u00f6ffentlichen Interesses der Union oder eines Mitgliedstaats verarbeitet werden. Wurde die Einschr\u00e4nkung der Verarbeitung nach den o.g. Voraussetzungen eingeschr\u00e4nkt, werden Sie von dem Verantwortlichen unterrichtet bevor die Einschr\u00e4nkung aufgehoben wird.<\/div><div>&nbsp;<\/div><\/div><div><div>4. Recht auf L\u00f6schung&nbsp;<\/div><div>a) L\u00f6schungspflicht<br>Sie k\u00f6nnen von dem Verantwortlichen verlangen, dass die Sie betreffenden personenbezogenen Daten unverz\u00fcglich gel\u00f6scht werden, und der Verantwortliche ist verpflichtet, diese Daten unverz\u00fcglich zu l\u00f6schen, sofern einer der folgenden Gr\u00fcnde zutrifft:<ul><li>Die Sie betreffenden personenbezogenen Daten sind f\u00fcr die Zwecke, f\u00fcr die sie erhoben oder auf sonstige Weise verarbeitet wurden, nicht mehr notwendig.<\/li><li>Sie widerrufen Ihre Einwilligung, auf die sich die Verarbeitung gem. Art. 6 Abs. 1 lit. a oder Art. 9 Abs. 2 lit. a DSGVO st\u00fctzte, und es fehlt an einer anderweitigen Rechtsgrundlage f\u00fcr die Verarbeitung.<\/li><li>Sie legen gem. Art. 21 Abs. 1 DSGVO Widerspruch gegen die Verarbeitung ein und es liegen keine vorrangigen berechtigten Gr\u00fcnde f\u00fcr die Verarbeitung vor, oder Sie legen gem. Art. 21 Abs. 2 DSGVO Widerspruch gegen die Verarbeitung ein.<\/li><li>Die Sie betreffenden personenbezogenen Daten wurden unrechtm\u00e4\u00dfig verarbeitet.<\/li><li>Die L\u00f6schung der Sie betreffenden personenbezogenen Daten ist zur Erf\u00fcllung einer rechtlichen Verpflichtung nach dem Unionsrecht oder dem Recht der Mitgliedstaaten erforderlich, dem der Verantwortliche unterliegt.<\/li><li>Die Sie betreffenden personenbezogenen Daten wurden in Bezug auf angebotene Dienste der Informationsgesellschaft gem\u00e4\u00df Art. 8 Abs. 1 DSGVO erhoben.<\/li><\/ul>b) Information an Dritte<br>Hat der Verantwortliche die Sie betreffenden personenbezogenen Daten \u00f6ffentlich gemacht und ist er gem. Art. 17 Abs. 1 DSGVO zu deren L\u00f6schung verpflichtet, so trifft er unter Ber\u00fccksichtigung der verf\u00fcgbaren Technologie und der Implementierungskosten angemessene Ma\u00dfnahmen, auch technischer Art, um f\u00fcr die Datenverarbeitung Verantwortliche, die die personenbezogenen Daten verarbeiten, dar\u00fcber zu informieren, dass Sie als betroffene Person von ihnen die L\u00f6schung aller Links zu diesen personenbezogenen Daten oder von Kopien oder Replikationen dieser personenbezogenen Daten verlangt haben.<\/div><div><br>c) Ausnahmen<br>Das Recht auf L\u00f6schung besteht nicht, soweit die Verarbeitung erforderlich ist<ul><li>zur Aus\u00fcbung des Rechts auf freie Meinungs\u00e4u\u00dferung und Information;<\/li><li>zur Erf\u00fcllung einer rechtlichen Verpflichtung, die die Verarbeitung nach dem Recht der Union oder der Mitgliedstaaten, dem der Verantwortliche unterliegt, erfordert, oder zur Wahrnehmung einer Aufgabe, die im \u00f6ffentlichen Interesse liegt oder in Aus\u00fcbung \u00f6ffentlicher Gewalt erfolgt, die dem Verantwortlichen \u00fcbertragen wurde;<\/li><li>aus Gr\u00fcnden des \u00f6ffentlichen Interesses im Bereich der \u00f6ffentlichen Gesundheit gem\u00e4\u00df Art. 9 Abs. 2 lit. h und i sowie Art. 9 Abs. 3 DSGVO;<\/li><li>f\u00fcr im \u00f6ffentlichen Interesse liegende Archivzwecke, wissenschaftliche oder historische Forschungszwecke oder f\u00fcr statistische Zwecke gem. Art. 89 Abs. 1 DSGVO, soweit das unter Abschnitt a) genannte Recht voraussichtlich die Verwirklichung der Ziele dieser Verarbeitung unm\u00f6glich macht oder ernsthaft beeintr\u00e4chtigt, oder<\/li><li>zur Geltendmachung, Aus\u00fcbung oder Verteidigung von Rechtsanspr\u00fcchen.<\/li><\/ul><\/div><\/div><div><div>5. Recht auf Unterrichtung&nbsp;Haben Sie das Recht auf Berichtigung, L\u00f6schung oder Einschr\u00e4nkung der Verarbeitung gegen\u00fcber dem Verantwortlichen geltend gemacht, ist dieser verpflichtet, allen Empf\u00e4ngern, denen die Sie betreffenden personenbezogenen Daten offengelegt wurden, diese Berichtigung oder L\u00f6schung der Daten oder Einschr\u00e4nkung der Verarbeitung mitzuteilen, es sei denn, dies erweist sich als unm\u00f6glich oder ist mit einem unverh\u00e4ltnism\u00e4\u00dfigen Aufwand verbunden. Ihnen steht gegen\u00fcber dem Verantwortlichen das Recht zu, \u00fcber diese Empf\u00e4nger unterrichtet zu werden.<\/div><div>&nbsp;<\/div><\/div><div><div>6. Recht auf Daten\u00fcbertragbarkeit&nbsp;Sie haben das Recht, die Sie betreffenden personenbezogenen Daten, die Sie dem Verantwortlichen bereitgestellt haben, in einem strukturierten, g\u00e4ngigen und maschinenlesbaren Format zu erhalten. Au\u00dferdem haben Sie das Recht diese Daten einem anderen Verantwortlichen ohne Behinderung durch den Verantwortlichen, dem die personenbezogenen Daten bereitgestellt wurden, zu \u00fcbermitteln, sofern<ul><li>die Verarbeitung auf einer Einwilligung gem. Art. 6 Abs. 1 lit. a DSGVO oder Art. 9 Abs. 2 lit. a DSGVO oder auf einem Vertrag gem. Art. 6 Abs. 1 lit. b DSGVO beruht und<\/li><li>die Verarbeitung mithilfe automatisierter Verfahren erfolgt.<\/li><\/ul>In Aus\u00fcbung dieses Rechts haben Sie ferner das Recht, zu erwirken, dass die Sie betreffenden personenbezogenen Daten direkt von einem Verantwortlichen einem anderen Verantwortlichen \u00fcbermittelt werden, soweit dies technisch machbar ist. Freiheiten und Rechte anderer Personen d\u00fcrfen hierdurch nicht beeintr\u00e4chtigt werden. Das Recht auf Daten\u00fcbertragbarkeit gilt nicht f\u00fcr eine Verarbeitung personenbezogener Daten, die f\u00fcr die Wahrnehmung einer Aufgabe erforderlich ist, die im \u00f6ffentlichen Interesse liegt oder in Aus\u00fcbung \u00f6ffentlicher Gewalt erfolgt, die dem Verantwortlichen \u00fcbertragen wurde.<\/div><div>&nbsp;<\/div><\/div><div><div>7. Widerspruchsrecht&nbsp;Sie haben das Recht, aus Gr\u00fcnden, die sich aus ihrer besonderen Situation ergeben, jederzeit gegen die Verarbeitung der Sie betreffenden personenbezogenen Daten, die aufgrund von Art. 6 Abs. 1 lit. e oder f DSGVO erfolgt, Widerspruch einzulegen; dies gilt auch f\u00fcr ein auf diese Bestimmungen gest\u00fctztes Profiling. Der Verantwortliche verarbeitet die Sie betreffenden personenbezogenen Daten nicht mehr, es sei denn, er kann zwingende schutzw\u00fcrdige Gr\u00fcnde f\u00fcr die Verarbeitung nachweisen, die Ihre Interessen, Rechte und Freiheiten \u00fcberwiegen, oder die Verarbeitung dient der Geltendmachung, Aus\u00fcbung oder Verteidigung von Rechtsanspr\u00fcchen. Werden die Sie betreffenden personenbezogenen Daten verarbeitet, um Direktwerbung zu betreiben, haben Sie das Recht, jederzeit Widerspruch gegen die Verarbeitung der Sie betreffenden personenbezogenen Daten zum Zwecke derartiger Werbung einzulegen; dies gilt auch f\u00fcr das Profiling, soweit es mit solcher Direktwerbung in Verbindung steht. Widersprechen Sie der Verarbeitung f\u00fcr Zwecke der Direktwerbung, so werden die Sie betreffenden personenbezogenen Daten nicht mehr f\u00fcr diese Zwecke verarbeitet. Sie haben die M\u00f6glichkeit, im Zusammenhang mit der Nutzung von Diensten der Informationsgesellschaft \u2013 ungeachtet der Richtlinie 2002\/58\/EG \u2013 Ihr Widerspruchsrecht mittels automatisierter Verfahren auszu\u00fcben, bei denen technische Spezifikationen verwendet werden.<\/div><div>&nbsp;<\/div><\/div><div><div>8. Recht auf Widerruf der datenschutzrechtlichen Einwilligungserkl\u00e4rung&nbsp;Sie haben das Recht, Ihre datenschutzrechtliche Einwilligungserkl\u00e4rung jederzeit zu widerrufen. Durch den Widerruf der Einwilligung wird die Rechtm\u00e4\u00dfigkeit der aufgrund der Einwilligung bis zum Widerruf erfolgten Verarbeitung nicht ber\u00fchrt.<\/div><div>&nbsp;<\/div><\/div><div><div>9. Automatisierte Entscheidung im Einzelfall einschlie\u00dflich Profiling&nbsp;Sie haben das Recht, nicht einer ausschlie\u00dflich auf einer automatisierten Verarbeitung \u2013 einschlie\u00dflich Profiling \u2013 beruhenden Entscheidung unterworfen zu werden, die Ihnen gegen\u00fcber rechtliche Wirkung entfaltet oder Sie in \u00e4hnlicher Weise erheblich beeintr\u00e4chtigt. Dies gilt nicht, wenn die Entscheidung<ul><li>(1) f\u00fcr den Abschluss oder die Erf\u00fcllung eines Vertrags zwischen Ihnen und dem Verantwortlichen erforderlich ist,<\/li><li>(2) aufgrund von Rechtsvorschriften der Union oder der Mitgliedstaaten, denen der Verantwortliche unterliegt, zul\u00e4ssig ist und diese Rechtsvorschriften angemessene Ma\u00dfnahmen zur Wahrung Ihrer Rechte und Freiheiten sowie Ihrer berechtigten Interessen enthalten oder<\/li><li>(3) mit Ihrer ausdr\u00fccklichen Einwilligung erfolgt.<\/li><\/ul>Allerdings d\u00fcrfen diese Entscheidungen nicht auf besonderen Kategorien personenbezogener Daten nach Art. 9 Abs. 1 DSGVO beruhen, sofern nicht Art. 9 Abs. 2 lit. a oder g DSGVO gilt und angemessene Ma\u00dfnahmen zum Schutz der Rechte und Freiheiten sowie Ihrer berechtigten Interessen getroffen wurden. Hinsichtlich der in (1) und (3) genannten F\u00e4lle trifft der Verantwortliche angemessene Ma\u00dfnahmen, um die Rechte und Freiheiten sowie Ihre berechtigten Interessen zu wahren, wozu mindestens das Recht auf Erwirkung des Eingreifens einer Person seitens des Verantwortlichen, auf Darlegung des eigenen Standpunkts und auf Anfechtung der Entscheidung geh\u00f6rt.<\/div><div>&nbsp;<\/div><\/div><div><div>10. Recht auf Beschwerde bei einer Aufsichtsbeh\u00f6rde&nbsp;Unbeschadet eines anderweitigen verwaltungsrechtlichen oder gerichtlichen Rechtsbehelfs steht Ihnen das Recht auf Beschwerde bei einer Aufsichtsbeh\u00f6rde, insbesondere in dem Mitgliedstaat ihres Aufenthaltsorts, ihres Arbeitsplatzes oder des Orts des mutma\u00dflichen Versto\u00dfes, zu, wenn Sie der Ansicht sind, dass die Verarbeitung der Sie betreffenden personenbezogenen Daten gegen die DSGVO verst\u00f6\u00dft. Die Aufsichtsbeh\u00f6rde, bei der die Beschwerde eingereicht wurde, unterrichtet den Beschwerdef\u00fchrer \u00fcber den Stand und die Ergebnisse der Beschwerde einschlie\u00dflich der M\u00f6glichkeit eines gerichtlichen Rechtsbehelfs nach Art. 78 DSGVO.<\/div><\/div><\/div><\/div><\/div><\/div>\r\n\t\t\t\t\t<\/div>\r\n\r\n\t\t\t\t<\/div>\n\t\t\t\t<\/div>\n\t\t\t\t\t<\/div>\n\t\t<\/div>\n\t\t\t\t\t\t\t<\/div>\n\t\t<\/section>\n\t\t\t\t\t\t\t<\/div>\n\t\t","protected":false},"excerpt":{"rendered":"<p>Datenschutz I. Name und Anschrift des Verantwortlichen Der Verantwortliche im Sinne der Datenschutz-Grundverordnung und anderer nationaler Datenschutzgesetze der Mitgliedsstaaten sowie sonstiger datenschutzrechtlicher Bestimmungen ist die:Karuna Technology UG (haftungsbeschr\u00e4nkt)Gerichtsstrasse 265185 WiesbadenDeutschlandTelefon:&nbsp;&nbsp;&nbsp;&nbsp;&nbsp;&nbsp;&nbsp;&nbsp;&nbsp;&nbsp;&nbsp;&nbsp;&nbsp;&nbsp;&nbsp;&nbsp; +49 178 4023163Email:&nbsp;&nbsp;&nbsp;&nbsp;&nbsp;&nbsp;&nbsp;&nbsp;&nbsp;&nbsp;&nbsp;&nbsp;&nbsp;&nbsp;&nbsp;&nbsp;&nbsp;&nbsp;&nbsp; info@karuna.technologyWebsite:&nbsp; &nbsp; &nbsp; &nbsp; &nbsp; &nbsp; &nbsp; &nbsp;www.karuna.technology II. Allgemeines zur Datenverarbeitung 1. Umfang der Verarbeitung personenbezogener DatenWir verarbeiten personenbezogene Daten unserer [&hellip;]<\/p>\n","protected":false},"author":2,"featured_media":0,"parent":0,"menu_order":0,"comment_status":"closed","ping_status":"closed","template":"elementor_header_footer","meta":{"footnotes":""},"class_list":["post-8342","page","type-page","status-publish","hentry"],"aioseo_notices":[],"_links":{"self":[{"href":"https:\/\/greenway-turf.com\/de\/wp-json\/wp\/v2\/pages\/8342","targetHints":{"allow":["GET"]}}],"collection":[{"href":"https:\/\/greenway-turf.com\/de\/wp-json\/wp\/v2\/pages"}],"about":[{"href":"https:\/\/greenway-turf.com\/de\/wp-json\/wp\/v2\/types\/page"}],"author":[{"embeddable":true,"href":"https:\/\/greenway-turf.com\/de\/wp-json\/wp\/v2\/users\/2"}],"replies":[{"embeddable":true,"href":"https:\/\/greenway-turf.com\/de\/wp-json\/wp\/v2\/comments?post=8342"}],"version-history":[{"count":11,"href":"https:\/\/greenway-turf.com\/de\/wp-json\/wp\/v2\/pages\/8342\/revisions"}],"predecessor-version":[{"id":9081,"href":"https:\/\/greenway-turf.com\/de\/wp-json\/wp\/v2\/pages\/8342\/revisions\/9081"}],"wp:attachment":[{"href":"https:\/\/greenway-turf.com\/de\/wp-json\/wp\/v2\/media?parent=8342"}],"curies":[{"name":"wp","href":"https:\/\/api.w.org\/{rel}","templated":true}]}}